{"id":1094,"date":"2021-01-14T13:02:12","date_gmt":"2021-01-14T13:02:12","guid":{"rendered":"https:\/\/www.henamo-stefanshof.be\/impressum-datenschutz\/"},"modified":"2022-04-22T09:38:20","modified_gmt":"2022-04-22T09:38:20","slug":"legal-notice-data-protection","status":"publish","type":"page","link":"https:\/\/www.henamo-stefanshof.be\/en\/legal-notice-data-protection\/","title":{"rendered":"Legal notice &#038; data protection"},"content":{"rendered":"<div class=\"dv-spacer-huge\"><\/div>\n\n\n<div class=\"wp-bootstrap-blocks-container container mb-2 small-container\">\n\t\n\n<h4 class=\"wp-block-heading\">General<\/h4>\n\n\n\n<h6 class=\"alt-title wp-block-heading\"><strong>HENAMO A.G.<\/strong><\/h6>\n\n\n\n<p>Hofstra\u00dfe 2<br>4750 B\u00fctgenbach, Belgium<br>Phone: +32 (0)80 440 440<br>E-Mail: info@heck.be<\/p>\n\n\n\n<p>Business Number: 0427.820.676<br>VAT Number: BE 0654.833.043 (Company unit &#8211; HECK)<\/p>\n\n\n\n<p>Executive management&nbsp;: Philippe Heck and Christianne Heck<\/p>\n\n<\/div>\n\n\n<div class=\"dv-spacer-huge\"><\/div>\n\n\n<div class=\"wp-bootstrap-blocks-container container mb-2 small-container\">\n\t\n<div class=\"wp-bootstrap-blocks-row row\">\n\t\n\n<div class=\"col-12 col-md-6\">\n\t\t\t\n\n<h4 class=\"wp-block-heading\">Realisation<\/h4>\n\n\n\n<p><a href=\"https:\/\/www.digitalvision.lu\" target=\"_blank\" rel=\"noreferrer noopener\"><strong>Digital Vision S.\u00e0 r.l. \u2013 IT-Services<\/strong><\/a><br><small>in collaboration with<\/small><br><a href=\"https:\/\/www.fspee.com\" target=\"_blank\" rel=\"noreferrer noopener\"><strong>F.Spee Mediengestaltung S\u00e0rl-S<\/strong><\/a><\/p>\n\n\n\n<p>Am Hock, 4<br>9991 Weiswampach<br>Luxemburg<\/p>\n\n\n\n<p>+352 206 011 02<\/p>\n\n\n\n<p>IBLC: LU31296945<br>Matricule: 2019 2436 495<br>RCS Luxembourg: B235393<\/p>\n\n\t<\/div>\n\n\n\n<div class=\"col-12 col-md-6\">\n\t\t\t\n\n<h4 class=\"wp-block-heading\">Web-Hosting \/ Datacenter<\/h4>\n\n\n\n<p><strong>HostPress GmbH<\/strong><br>Bahnhofstr. 34,<br>66571 Eppelborn<\/p>\n\n\n\n<p>Deutschland<\/p>\n\n\t<\/div>\n\n<\/div>\n\n<\/div>\n\n\n<div class=\"dv-spacer-huge\"><\/div>\n\n\n<div class=\"wp-bootstrap-blocks-container container mb-2 small-container\">\n\t\n\n<h4 class=\"wp-block-heading\">Legal Information &amp; Terms of Use<\/h4>\n\n\n\n<h5 class=\"alt-title wp-block-heading\">Conditions of admission to the website<\/h5>\n\n\n\n<p>Any person (hereinafter &#8220;the user&#8221;) accessing this website (hereinafter &#8220;the website&#8221;) unconditionally agrees to all the terms and conditions of use of the website. The Website is accessible at any time and anywhere in the world. The User who connects to the Website is solely responsible for compliance with the laws and\/or regulations of the country in which he\/she resides or the country from which he\/she connects to the Website.<\/p>\n\n\n\n<h5 class=\"alt-title wp-block-heading\">Changes to these Terms of Use, Jurisdiction and Applicable Law<\/h5>\n\n\n\n<p>These Terms of Use may be amended by the Publisher at any time. The terms of use applicable to any use of the Website are those published on the Website at the time of consultation by the User. The nullity or invalidity of any provision of these Terms of Use shall not affect the other provisions of these Terms of Use.<\/p>\n\n\n\n<h4 class=\"wp-block-heading\" id=\"privacy\">Privacy and data protection<\/h4>\n\n\n\n<h5 class=\"alt-title wp-block-heading\">Processing of personal data<\/h5>\n\n\n\n<p>Personal data may only be collected and processed in accordance with the rules of data protection laws.<br>In certain cases, specifically when the user fills out and submits a form on the website, it is possible that certain personal data will be stored on the server. This information is considered confidential and is treated accordingly. It will therefore never be sold or passed on to third parties without the user&#8217;s prior consent.<br>If the website has a newsletter, the user can register there to receive regular information by e-mail. In this case, the publisher requires a valid email address, which the subscribing user submits via the corresponding form. The User confirms that he\/she is the owner of the e-mail address submitted and gives his\/her consent to receive e-mails from the Website or the Publisher. The user has the right to unsubscribe at any time.<br>The user has the right to access his\/her personal data in order to verify its accuracy and, if necessary, request its rectification. To do so, he\/she sends a registered letter to the publisher of the website whose contact details are indicated above.<\/p>\n\n\n\n<h5 class=\"alt-title wp-block-heading\">Comments<\/h5>\n\n\n\n<p>When you leave a comment on our website, the data entered in the comment form, as well as your IP address and the user agent of your browser, are recorded so that we can track down unwanted comments.<\/p>\n\n\n\n<p>An anonymised string (also called a hash) created from your email address may be sent to the Gravatar service to verify that you are using the service. The privacy policy of the Gravatar service can be found at: https:\/\/automattic.com\/privacy\/. After your comment has been approved, your profile picture will be publicly visible next to your comment.<\/p>\n\n\n\n<h5 class=\"alt-title wp-block-heading\">Media<\/h5>\n\n\n\n<p>If you are a registered user and upload photos to the website, we recommend that you avoid uploading photos with EXIF GPS coordinates. Visitors to your website can download and extract location data from these photos.<\/p>\n\n\n\n<h5 class=\"alt-title wp-block-heading\">Contact Forms<\/h5>\n\n\n\n<p>When you send a message to our website, the data entered in the contact form is collected so that we can respond to your request. You will be asked to provide your name, email address and telephone number. We will only use this data for the purpose of responding to your enquiry and will treat your data confidentially in accordance with our privacy policy.<\/p>\n\n\n\n<h5 class=\"alt-title wp-block-heading\">Content of other websites<\/h5>\n\n\n\n<p>Posts on this website may contain embedded content (e.g. videos, images, posts\u2026). Embedded content from other websites behaves exactly as if the visitor were visiting that other website. These websites may collect information about you, use cookies, embed third party tracking tools and track your interactions with such embedded content if you have registered an account on their website.<\/p>\n\n\n\n<h5 class=\"alt-title wp-block-heading\">Use of cookies<\/h5>\n\n\n\n<p>Diese Website verwendet Cookies.<br>Wie die meisten Websites, benutzt auch diese Website Cookies. Cookies sind kleine, ungef\u00e4hrliche Textdateien, die in keinem Fall Auswirkungen auf Ihr Privatleben oder die Sicherheit Ihres Rechners haben.<br>Cookies verbessern den Komfort des Benutzers auf der Website und erlauben es dem Herausgeber, eine anonyme Besucherstatistik der Website zu f\u00fchren.<br>Sehen Sie sich bitte die Anleitung Ihres Webbrowsers an, um Informationen dar\u00fcber zu erhalten, wie Sie Cookies auf Ihrem Computer verbieten oder l\u00f6schen k\u00f6nnen.<br>Der Herausgeber informiert den Benutzer dar\u00fcber, dass Cookies zur Verbesserung des Nutzungskomforts der Website, zur Verbesserung der Leistung und zur Erstellung von Besucherstatistiken verwendet werden.<br>Da die Website ohne Verwendung von Cookies nicht funktionieren kann, bitten wir jeden, der mit der Verwendung von Cookies nicht einverstanden ist, umgehend seine Browsersitzung auf der Website zu beenden.<\/p>\n\n\n\n<p>Nous vous donnons la possibilit\u00e9 de d\u00e9sactiver les cookies d\u00e9pos\u00e9s par le site internet et\/ou par les services tiers: <\/p>\n\n\n<div class=\"dv-spacer-small\"><\/div>\n\n\n<a id=\"wt-cli-settings-btn\" tabindex=\"0\" role='button' style=\"border-bottom:1px solid; text-decoration:none;\" class=\"wt-cli-element medium cli-plugin-button cli-plugin-main-button cli_settings_button\" >Settings<\/a>\n\n\n<div class=\"dv-spacer-small\"><\/div>\n\n\n<table class=\"wt-cli-element cookielawinfo-classic cookielawinfo-row-cat-table\"><thead><tr><th scope=\"col\" class=\"cookielawinfo-column-1\">Cookie<\/th><th scope=\"col\" class=\"cookielawinfo-column-4\">Description<\/th><\/thead><tbody><tr class=\"cookielawinfo-row-cat-title\"><th colspan=\"2\" class=\"cookielawinfo-row-cat-title-head\">Analytics<\/th><\/tr><tr class=\"cookielawinfo-row\"><td class=\"cookielawinfo-column-1\">_ga<\/td><td class=\"cookielawinfo-column-4\">Dieses Cookie wird von Google Analytics installiert. Das Cookie wird verwendet, um Besucher-, Sitzungs- und Kampagnendaten zu berechnen und die Nutzung der Website f\u00fcr den Analysebericht der Website zu verfolgen. Die Cookies speichern Informationen anonym und weisen eine zuf\u00e4llig generierte Nummer zu, um eindeutige Besucher zu identifizieren.<\/td><\/tr><\/tbody><\/table>\n\n\n\n<h5 class=\"alt-title wp-block-heading\">Verwendung von Google Analytics<\/h5>\n\n\n\n<p>Diese Website benutzt Google Analytics, einen Webanalysedienst der Google Inc. (\u00ab Google \u00bb). Google Analytics verwendet sog. &#8220;Cookies&#8221;, Textdateien, die auf Ihrem Computer gespeichert werden, und die eine Analyse der Verwendung der Website durch ihre Nutzer erm\u00f6glichen. Die durch die Nutzung dieser Website gesammelten Informationen werden in der Regel an einen Google-Server in den USA \u00fcbertragen und dort gespeichert. Durch die Aktivierung der Anonymisierung der IP auf dieser Website wird die IP-Adresse vor der \u00dcbertragung in die Mitgliedstaaten der Europ\u00e4ischen Union oder des Europ\u00e4ischen Wirtschaftsraums abgek\u00fcrzt. Die vollst\u00e4ndige IP-Adresse wird nur in Ausnahmef\u00e4llen an einen Google-Server in den USA gesendet, wo sie dann abgek\u00fcrzt wird.<br>L\u2019adresse IP anonym\u00e9e transmise par votre navigateur dans le cadre du service Google Analytics n\u2019est pas recoup\u00e9e avec d\u2019autres donn\u00e9es d\u00e9tenues par Google. <a href=\"https:\/\/www.heck.be\/impressum\/#0\">Cookie-Verwaltung<\/a><\/p>\n\n\n\n<p>Sie k\u00f6nnen die Erfassung und Verarbeitung von cookiegenerierten Daten durch Google, die sich auf Ihre Nutzung der Website beziehen (einschlie\u00dflich Ihrer IP-Adresse) verhindern, indem Sie das unter dem folgenden Link verf\u00fcgbare Plug-In herunterladen und installieren: <a href=\"http:\/\/tools.google.com\/dlpage\/gaoptout?hl=fr\" target=\"_blank\" rel=\"noreferrer noopener\">http:\/\/tools.google.com\/dlpage\/gaoptout?hl=fr<\/a><\/p>\n\n\n\n<p>Anstatt das Plugin zu installieren, k\u00f6nnen Sie auf diesen Link klicken, um in Zukunft die Erfassung Ihrer Daten beim Besuch dieser Website durch Google Analytics zu verhindern. Dazu wird ein Opt-Out-Cookie auf Ihr Ger\u00e4t gesetzt. Wenn Sie Cookies l\u00f6schen, m\u00fcssen Sie erneut auf diesen Link klicken.<\/p>\n\n\n\n<h5 class=\"alt-title wp-block-heading\">Abgesicherter Datentransport<\/h5>\n\n\n\n<p>Ihre personenbezogenen Daten werden von uns verschl\u00fcsselt \u00fcbertragen. Dies gilt auch f\u00fcr Ihre Bestellung und Ihre Kundenverbindung. Zu diesem Zweck verwenden wir das Verschl\u00fcsselungssystem TLS (Transport Layer Security) oder SSL (Secure Socket Layer).<\/p>\n\n\n\n<p>Dar\u00fcber hinaus sichern wir unsere Website und andere Systeme durch technische und organisatorische Ma\u00dfnahmen gegen Verlust, Zerst\u00f6rung, Zugriff, Ver\u00e4nderung oder Verbreitung Ihrer Daten durch unbefugte Personen.<\/p>\n\n\n\n<h4 class=\"wp-block-heading\">Nutzung privater Benutzerdaten<\/h4>\n\n\n\n<h5 class=\"alt-title wp-block-heading\">Lagerzeit Ihrer pers\u00f6nlichen Daten<\/h5>\n\n\n\n<p>Wenn Sie einen Kommentar hinterlassen (sofern m\u00f6glich), werden Kommentar und dazugeh\u00f6rige Metadaten auf unbestimmte Zeit gespeichert. Dadurch werden Nachfolgekommentare automatisch erkannt und freigegeben, anstatt sie in der Moderatoren-Warteschlange festzuhalten.<\/p>\n\n\n\n<p>Wenn Sie uns \u00fcber ein Kontaktformular kontaktieren, werden diese Metadaten auf unbestimmte Zeit privat und sicher gespeichert. Ihre Nachricht wird an unsere Mailbox gesendet, auf die nur Mitarbeiter Zugriff haben.<\/p>\n\n\n\n<p>F\u00fcr NutzerInnen, die sich auf unserer Website registrieren (sofern m\u00f6glich), speichern wir auch die in ihrem Profil angegebenen personenbezogenen Daten. Alle NutzerInnen k\u00f6nnen ihre personenbezogenen Daten (mit Ausnahme ihres NutzerInnen-Namens) jederzeit einsehen, \u00e4ndern oder l\u00f6schen. Die Administratoren der Website haben auch Zugriff auf diese Informationen und k\u00f6nnen diese \u00e4ndern.<\/p>\n\n\n\n<h5 class=\"alt-title wp-block-heading\">Eigene Rechte auf Ihre Daten<\/h5>\n\n\n\n<p>If you have created an account or left comments on the website, you can request a file containing all the personal information we hold about you, including information you have provided to us. You may also request that your personal information be deleted. Data stored for administrative, legal or security purposes will be disregarded.<\/p>\n\n\n\n<h5 class=\"alt-title wp-block-heading\">Sharing your personal data<\/h5>\n\n\n\n<p>Visitor comments can be verified via an automatic spam comment detection service.<\/p>\n\n<\/div>\n\n\n<div class=\"dv-spacer-huge\"><\/div>\n\n\n\n<p><\/p>\n","protected":false},"excerpt":{"rendered":"","protected":false},"author":2,"featured_media":0,"parent":0,"menu_order":0,"comment_status":"closed","ping_status":"closed","template":"","meta":{"footnotes":""},"acf":[],"yoast_head":"<!-- This site is optimized with the Yoast SEO plugin v21.3 - https:\/\/yoast.com\/wordpress\/plugins\/seo\/ -->\n<title>House for rent with indoor pool, sauna in the Belgian Eifel - Data protection<\/title>\n<meta name=\"description\" content=\"The insights in our luxury holiday home in the Belgian Ardennes are designed by the visitor in complete safety with regard to data protection\" \/>\n<meta name=\"robots\" content=\"index, follow, max-snippet:-1, max-image-preview:large, max-video-preview:-1\" \/>\n<link rel=\"canonical\" href=\"https:\/\/www.henamo-stefanshof.be\/en\/legal-notice-data-protection\/\" \/>\n<meta property=\"og:locale\" content=\"en_US\" \/>\n<meta property=\"og:type\" content=\"article\" \/>\n<meta property=\"og:title\" content=\"House for rent with indoor pool, sauna in the Belgian Eifel - Data protection\" \/>\n<meta property=\"og:description\" content=\"The insights in our luxury holiday home in the Belgian Ardennes are designed by the visitor in complete safety with regard to data protection\" \/>\n<meta property=\"og:url\" content=\"https:\/\/www.henamo-stefanshof.be\/en\/legal-notice-data-protection\/\" \/>\n<meta property=\"og:site_name\" content=\"Stefanshof\" \/>\n<meta property=\"article:modified_time\" content=\"2022-04-22T09:38:20+00:00\" \/>\n<meta name=\"twitter:card\" content=\"summary_large_image\" \/>\n<meta name=\"twitter:label1\" content=\"Est. reading time\" \/>\n\t<meta name=\"twitter:data1\" content=\"7 minutes\" \/>\n<script type=\"application\/ld+json\" class=\"yoast-schema-graph\">{\"@context\":\"https:\/\/schema.org\",\"@graph\":[{\"@type\":\"WebPage\",\"@id\":\"https:\/\/www.henamo-stefanshof.be\/en\/legal-notice-data-protection\/\",\"url\":\"https:\/\/www.henamo-stefanshof.be\/en\/legal-notice-data-protection\/\",\"name\":\"House for rent with indoor pool, sauna in the Belgian Eifel - Data protection\",\"isPartOf\":{\"@id\":\"https:\/\/www.henamo-stefanshof.be\/#website\"},\"datePublished\":\"2021-01-14T13:02:12+00:00\",\"dateModified\":\"2022-04-22T09:38:20+00:00\",\"description\":\"The insights in our luxury holiday home in the Belgian Ardennes are designed by the visitor in complete safety with regard to data protection\",\"breadcrumb\":{\"@id\":\"https:\/\/www.henamo-stefanshof.be\/en\/legal-notice-data-protection\/#breadcrumb\"},\"inLanguage\":\"en-US\",\"potentialAction\":[{\"@type\":\"ReadAction\",\"target\":[\"https:\/\/www.henamo-stefanshof.be\/en\/legal-notice-data-protection\/\"]}]},{\"@type\":\"BreadcrumbList\",\"@id\":\"https:\/\/www.henamo-stefanshof.be\/en\/legal-notice-data-protection\/#breadcrumb\",\"itemListElement\":[{\"@type\":\"ListItem\",\"position\":1,\"name\":\"Startseite\",\"item\":\"https:\/\/www.henamo-stefanshof.be\/en\/\"},{\"@type\":\"ListItem\",\"position\":2,\"name\":\"Legal notice &#038; data protection\"}]},{\"@type\":\"WebSite\",\"@id\":\"https:\/\/www.henamo-stefanshof.be\/#website\",\"url\":\"https:\/\/www.henamo-stefanshof.be\/\",\"name\":\"Stefanshof\",\"description\":\"Your luxury Holiday Home in East Belgium\",\"publisher\":{\"@id\":\"https:\/\/www.henamo-stefanshof.be\/#organization\"},\"potentialAction\":[{\"@type\":\"SearchAction\",\"target\":{\"@type\":\"EntryPoint\",\"urlTemplate\":\"https:\/\/www.henamo-stefanshof.be\/?s={search_term_string}\"},\"query-input\":\"required name=search_term_string\"}],\"inLanguage\":\"en-US\"},{\"@type\":\"Organization\",\"@id\":\"https:\/\/www.henamo-stefanshof.be\/#organization\",\"name\":\"Henamo Resorts\",\"url\":\"https:\/\/www.henamo-stefanshof.be\/\",\"logo\":{\"@type\":\"ImageObject\",\"inLanguage\":\"en-US\",\"@id\":\"https:\/\/www.henamo-stefanshof.be\/#\/schema\/logo\/image\/\",\"url\":\"https:\/\/www.henamo-stefanshof.be\/wp-content\/uploads\/2021\/01\/stefanshof-logo-dark.svg\",\"contentUrl\":\"https:\/\/www.henamo-stefanshof.be\/wp-content\/uploads\/2021\/01\/stefanshof-logo-dark.svg\",\"width\":1,\"height\":1,\"caption\":\"Henamo Resorts\"},\"image\":{\"@id\":\"https:\/\/www.henamo-stefanshof.be\/#\/schema\/logo\/image\/\"}}]}<\/script>\n<!-- \/ Yoast SEO plugin. -->","yoast_head_json":{"title":"House for rent with indoor pool, sauna in the Belgian Eifel - Data protection","description":"The insights in our luxury holiday home in the Belgian Ardennes are designed by the visitor in complete safety with regard to data protection","robots":{"index":"index","follow":"follow","max-snippet":"max-snippet:-1","max-image-preview":"max-image-preview:large","max-video-preview":"max-video-preview:-1"},"canonical":"https:\/\/www.henamo-stefanshof.be\/en\/legal-notice-data-protection\/","og_locale":"en_US","og_type":"article","og_title":"House for rent with indoor pool, sauna in the Belgian Eifel - Data protection","og_description":"The insights in our luxury holiday home in the Belgian Ardennes are designed by the visitor in complete safety with regard to data protection","og_url":"https:\/\/www.henamo-stefanshof.be\/en\/legal-notice-data-protection\/","og_site_name":"Stefanshof","article_modified_time":"2022-04-22T09:38:20+00:00","twitter_card":"summary_large_image","twitter_misc":{"Est. reading time":"7 minutes"},"schema":{"@context":"https:\/\/schema.org","@graph":[{"@type":"WebPage","@id":"https:\/\/www.henamo-stefanshof.be\/en\/legal-notice-data-protection\/","url":"https:\/\/www.henamo-stefanshof.be\/en\/legal-notice-data-protection\/","name":"House for rent with indoor pool, sauna in the Belgian Eifel - Data protection","isPartOf":{"@id":"https:\/\/www.henamo-stefanshof.be\/#website"},"datePublished":"2021-01-14T13:02:12+00:00","dateModified":"2022-04-22T09:38:20+00:00","description":"The insights in our luxury holiday home in the Belgian Ardennes are designed by the visitor in complete safety with regard to data protection","breadcrumb":{"@id":"https:\/\/www.henamo-stefanshof.be\/en\/legal-notice-data-protection\/#breadcrumb"},"inLanguage":"en-US","potentialAction":[{"@type":"ReadAction","target":["https:\/\/www.henamo-stefanshof.be\/en\/legal-notice-data-protection\/"]}]},{"@type":"BreadcrumbList","@id":"https:\/\/www.henamo-stefanshof.be\/en\/legal-notice-data-protection\/#breadcrumb","itemListElement":[{"@type":"ListItem","position":1,"name":"Startseite","item":"https:\/\/www.henamo-stefanshof.be\/en\/"},{"@type":"ListItem","position":2,"name":"Legal notice &#038; data protection"}]},{"@type":"WebSite","@id":"https:\/\/www.henamo-stefanshof.be\/#website","url":"https:\/\/www.henamo-stefanshof.be\/","name":"Stefanshof","description":"Your luxury Holiday Home in East Belgium","publisher":{"@id":"https:\/\/www.henamo-stefanshof.be\/#organization"},"potentialAction":[{"@type":"SearchAction","target":{"@type":"EntryPoint","urlTemplate":"https:\/\/www.henamo-stefanshof.be\/?s={search_term_string}"},"query-input":"required name=search_term_string"}],"inLanguage":"en-US"},{"@type":"Organization","@id":"https:\/\/www.henamo-stefanshof.be\/#organization","name":"Henamo Resorts","url":"https:\/\/www.henamo-stefanshof.be\/","logo":{"@type":"ImageObject","inLanguage":"en-US","@id":"https:\/\/www.henamo-stefanshof.be\/#\/schema\/logo\/image\/","url":"https:\/\/www.henamo-stefanshof.be\/wp-content\/uploads\/2021\/01\/stefanshof-logo-dark.svg","contentUrl":"https:\/\/www.henamo-stefanshof.be\/wp-content\/uploads\/2021\/01\/stefanshof-logo-dark.svg","width":1,"height":1,"caption":"Henamo Resorts"},"image":{"@id":"https:\/\/www.henamo-stefanshof.be\/#\/schema\/logo\/image\/"}}]}},"_links":{"self":[{"href":"https:\/\/www.henamo-stefanshof.be\/en\/wp-json\/wp\/v2\/pages\/1094"}],"collection":[{"href":"https:\/\/www.henamo-stefanshof.be\/en\/wp-json\/wp\/v2\/pages"}],"about":[{"href":"https:\/\/www.henamo-stefanshof.be\/en\/wp-json\/wp\/v2\/types\/page"}],"author":[{"embeddable":true,"href":"https:\/\/www.henamo-stefanshof.be\/en\/wp-json\/wp\/v2\/users\/2"}],"replies":[{"embeddable":true,"href":"https:\/\/www.henamo-stefanshof.be\/en\/wp-json\/wp\/v2\/comments?post=1094"}],"version-history":[{"count":7,"href":"https:\/\/www.henamo-stefanshof.be\/en\/wp-json\/wp\/v2\/pages\/1094\/revisions"}],"predecessor-version":[{"id":1666,"href":"https:\/\/www.henamo-stefanshof.be\/en\/wp-json\/wp\/v2\/pages\/1094\/revisions\/1666"}],"wp:attachment":[{"href":"https:\/\/www.henamo-stefanshof.be\/en\/wp-json\/wp\/v2\/media?parent=1094"}],"curies":[{"name":"wp","href":"https:\/\/api.w.org\/{rel}","templated":true}]}}